{"id":11,"date":"2020-03-20T13:54:25","date_gmt":"2020-03-20T12:54:25","guid":{"rendered":"http:\/\/cafh.es\/?page_id=11"},"modified":"2020-04-28T20:12:46","modified_gmt":"2020-04-28T18:12:46","slug":"blog","status":"publish","type":"page","link":"https:\/\/cafh.es\/index.php\/blog\/","title":{"rendered":"Blog"},"content":{"rendered":"\n<style type='text\/css' media='all'>#rt-tpg-container-2011626624 .rt-holder .rt-woo-info .price{color:#0367bf;}body .rt-tpg-container .rt-tpg-isotope-buttons .selected,\n\t\t\t\t\t#rt-tpg-container-2011626624 .layout12 .rt-holder:hover .rt-detail,\n\t\t\t\t\t#rt-tpg-container-2011626624 .isotope8 .rt-holder:hover .rt-detail,\n\t\t\t\t\t#rt-tpg-container-2011626624 .carousel8 .rt-holder:hover .rt-detail,\n\t\t\t\t\t#rt-tpg-container-2011626624 .layout13 .rt-holder .overlay .post-info,\n\t\t\t\t\t#rt-tpg-container-2011626624 .isotope9 .rt-holder .overlay .post-info,\n\t\t\t\t\t#rt-tpg-container-2011626624.rt-tpg-container .layout4 .rt-holder .rt-detail,\n\t\t\t\t\t.rt-modal-2011626624 .md-content,\n\t\t\t\t\t.rt-modal-2011626624 .md-content > .rt-md-content-holder .rt-md-content,\n\t\t\t\t\t.rt-popup-wrap-2011626624.rt-popup-wrap .rt-popup-navigation-wrap,\n\t\t\t\t\t#rt-tpg-container-2011626624 .carousel9 .rt-holder .overlay .post-info{background-color:#0367bf;}#rt-tpg-container-2011626624 .layout5 .rt-holder .overlay, #rt-tpg-container-2011626624 .isotope2 .rt-holder .overlay, #rt-tpg-container-2011626624 .carousel2 .rt-holder .overlay,#rt-tpg-container-2011626624 .layout15 .rt-holder h3, #rt-tpg-container-2011626624 .isotope11 .rt-holder h3, #rt-tpg-container-2011626624 .carousel11 .rt-holder h3, #rt-tpg-container-2011626624 .layout16 .rt-holder h3,\n\t\t\t\t\t#rt-tpg-container-2011626624 .isotope12 .rt-holder h3, #rt-tpg-container-2011626624 .carousel12 .rt-holder h3 {background-color:rgba(3,103,191,0.8);}#rt-tpg-container-2011626624 .read-more a{border-radius:px;}#rt-tpg-container-2011626624 .rt-img-holder img.rt-img-responsive,#rt-tpg-container-2011626624 .rt-img-holder,\n\t\t\t\t\t#rt-tpg-container-2011626624 .rt-post-overlay .post-img,\n\t\t\t\t\t#rt-tpg-container-2011626624 .post-sm .post-img,\n\t\t\t\t\t#rt-tpg-container-2011626624 .rt-post-grid .post-img,\n\t\t\t\t\t#rt-tpg-container-2011626624 .post-img img {border-radius:px;}<\/style><div class='rt-container-fluid rt-tpg-container tpg-shortcode-main-wrapper ' id='rt-tpg-container-2011626624'   data-layout='isotope1' data-grid-style='even' data-desktop-col='2'  data-tab-col='2'  data-mobile-col='1' data-sc-id='478'><div data-title='Cargando...' class='rt-row rt-content-loader   isotope1 tpg-pre-loader'><div class=\"tpg-iso-filter\"><div id='iso-button-2011626624' class='rt-tpg-isotope-buttons button-group filter-button-group option-set' data-url='' data-count=''><button class='rt-iso-btn-all selected' data-filter='*'>Mostrar todos<\/button><button class=\"rt-iso-btn-cafh-espana\" data-filter=\".iso_13\">Cafh Espa\u00f1a<\/button><button class=\"rt-iso-btn-cafh-org\" data-filter=\".iso_12\">Cafh.org<\/button><button class=\"rt-iso-btn-inspiraciones\" data-filter=\".iso_37\">Inspiraciones<\/button><button class=\"rt-iso-btn-metodo\" data-filter=\".iso_34\">M\u00e9todo<\/button><button class=\"rt-iso-btn-sin-categoria\" data-filter=\".iso_1\">Todas<\/button><\/div><\/div><div class='rt-tpg-isotope' id='iso-tpg-2011626624'><div class=\"rt-col-md-6 rt-col-sm-6 rt-col-xs-12 masonry-grid-item rt-grid-item isotope-item iso_1 rt-item-sin-categoria\" data-id=\"1332\"><div class=\"rt-holder\"><div class='rt-detail'><h2 class=\"entry-title\"><a data-id=\"1332\" class=\"\" href=\"https:\/\/cafh.es\/index.php\/2026\/03\/03\/89o-aniversario-de-la-fundacion-de-cafh-por-don-santiago-bovisio\/\">89\u00ba Aniversario de la fundaci\u00f3n de Cafh por Don Santiago Bovisio<\/a><\/h2><div class='post-meta-user  '><span class='categories-links'><i class='fas fa-folder-open '><\/i><a class=\"sin-categoria\" href=\"https:\/\/cafh.es\/index.php\/category\/sin-categoria\/\" rel=\"tag\">Todas<\/a><\/span><span class=\"comment-count\"><i class='fas fa-comments '><\/i><a href='https:\/\/cafh.es\/index.php\/2026\/03\/03\/89o-aniversario-de-la-fundacion-de-cafh-por-don-santiago-bovisio\/#respond'>(0) <\/a><\/span><\/div><div class='tpg-excerpt'>...<\/div><\/div><\/div><\/div><div class=\"rt-col-md-6 rt-col-sm-6 rt-col-xs-12 masonry-grid-item rt-grid-item isotope-item iso_1 rt-item-sin-categoria\" data-id=\"1115\"><div class=\"rt-holder\"><div class=\"rt-img-holder\"><a data-id=\"1115\" class=\"\" href=\"https:\/\/cafh.es\/index.php\/2026\/02\/11\/seminario-ampliando-la-consciencia-espiritualidad-ciencia-y-vida-cotidiana\/\"><img loading=\"lazy\" decoding=\"async\" width=\"500\" height=\"330\" src=\"https:\/\/cafh.es\/wp-content\/uploads\/2026\/02\/1_Ampliando-la-consciencia-espiritualidad-ciencia-y-vida-cotidiana-500x330.png\" class=\"rt-img-responsive \" alt=\"Portada seminario ampliaci\u00f3n consciencia\" \/><\/a><\/div><div class='rt-detail'><h2 class=\"entry-title\"><a data-id=\"1115\" class=\"\" href=\"https:\/\/cafh.es\/index.php\/2026\/02\/11\/seminario-ampliando-la-consciencia-espiritualidad-ciencia-y-vida-cotidiana\/\">Seminario \u00abAmpliando la consciencia: espiritualidad, ciencia y vida cotidiana\u00bb<\/a><\/h2><div class='post-meta-user  '><span class='categories-links'><i class='fas fa-folder-open '><\/i><a class=\"sin-categoria\" href=\"https:\/\/cafh.es\/index.php\/category\/sin-categoria\/\" rel=\"tag\">Todas<\/a><\/span><span class='post-tags-links'><i class='fa fa-tags '><\/i><a href=\"https:\/\/cafh.es\/index.php\/tag\/consciencia\/\" rel=\"tag\">Consciencia<\/a><span class=\"rt-separator\">,<\/span><a href=\"https:\/\/cafh.es\/index.php\/tag\/formacion\/\" rel=\"tag\">Formaci\u00f3n<\/a><\/span><span class=\"comment-count\"><i class='fas fa-comments '><\/i><a href='https:\/\/cafh.es\/index.php\/2026\/02\/11\/seminario-ampliando-la-consciencia-espiritualidad-ciencia-y-vida-cotidiana\/#respond'>(0) <\/a><\/span><\/div><div class='tpg-excerpt'>Te invitamos a participar en este seminario 1. Una mirada completa sobre uno de los grandes misterios humanos La consciencia no se puede comprender desde una sola disciplina. Este seminario re\u00fane las voces de la neurociencia, la filosof\u00eda, la medicina, la psicolog\u00eda, la experiencia m\u00edstica y hasta la inteligencia artificial. Porque solo desde esta amplitud podemos acercarnos a algo tan complejo como nuestra propia consciencia. 2. Conocimiento riguroso en di\u00e1logo con la experiencia vital Cada ponente aporta investigaci\u00f3n acad\u00e9mica de primer nivel, pero tambi\u00e9n experiencia vivida. No se trata solo de teor\u00eda: se trata de comprender c\u00f3mo la consciencia se despliega en nuestra vida cotidiana, en nuestras decisiones, en nuestra relaci\u00f3n con los dem\u00e1s. 3. Un espacio para las grandes preguntas \u00bfQu\u00e9 es la consciencia? \u00bfSe puede ampliar? \u00bfQu\u00e9 relaci\u00f3n tiene con la experiencia m\u00edstica? \u00bfC\u00f3mo nos transforma la meditaci\u00f3n? \u00bfQu\u00e9 sucede cuando actuamos conscientemente en lo social? Este seminario no teme las preguntas dif\u00edciles. Las acoge como punto de partida para la reflexi\u00f3n compartida. 4. Accesible para todos, desde la curiosidad genuina No necesitas conocimientos previos en neurociencia o filosof\u00eda. Solo necesitas curiosidad, ganas de preguntarte, apertura para escuchar perspectivas diversas. El seminario est\u00e1 dise\u00f1ado para que cualquier persona pueda seguirlo y aprovecharlo, sea cual sea su punto de partida. 5. Una oportunidad de encuentro profundo M\u00e1s all\u00e1 del contenido, este seminario es un espacio de comunicaci\u00f3n en el sentido m\u00e1s hondo: un lugar donde encontrarnos con nosotros mismos y con otras personas que tambi\u00e9n se hacen estas preguntas...<\/div><\/div><\/div><\/div><div class=\"rt-col-md-6 rt-col-sm-6 rt-col-xs-12 masonry-grid-item rt-grid-item isotope-item iso_1 rt-item-sin-categoria\" data-id=\"1078\"><div class=\"rt-holder\"><div class=\"rt-img-holder\"><a data-id=\"1078\" class=\"\" href=\"https:\/\/cafh.es\/index.php\/2025\/03\/20\/nueva-actividad-presencial-en-madrid\/\"><img loading=\"lazy\" decoding=\"async\" width=\"500\" height=\"330\" src=\"https:\/\/cafh.es\/wp-content\/uploads\/2025\/03\/2025-Cafh-AE-Taller-tejido-al-crochet-500x330.jpeg\" class=\"rt-img-responsive \" alt=\"\" \/><\/a><\/div><div class='rt-detail'><h2 class=\"entry-title\"><a data-id=\"1078\" class=\"\" href=\"https:\/\/cafh.es\/index.php\/2025\/03\/20\/nueva-actividad-presencial-en-madrid\/\">Nueva actividad presencial en Madrid<\/a><\/h2><div class='post-meta-user  '><span class='categories-links'><i class='fas fa-folder-open '><\/i><a class=\"sin-categoria\" href=\"https:\/\/cafh.es\/index.php\/category\/sin-categoria\/\" rel=\"tag\">Todas<\/a><\/span><span class=\"comment-count\"><i class='fas fa-comments '><\/i><a href='https:\/\/cafh.es\/index.php\/2025\/03\/20\/nueva-actividad-presencial-en-madrid\/#respond'>(0) <\/a><\/span><\/div><div class='tpg-excerpt'>An\u00edmate a participar en esta actividad en la que integramos el trabajo manual y el di\u00e1logo en un espacio de calma, introspecci\u00f3n y autoconocimiento...<\/div><\/div><\/div><\/div><div class=\"rt-col-md-6 rt-col-sm-6 rt-col-xs-12 masonry-grid-item rt-grid-item isotope-item iso_1 rt-item-sin-categoria\" data-id=\"1049\"><div class=\"rt-holder\"><div class=\"rt-img-holder\"><a data-id=\"1049\" class=\"\" href=\"https:\/\/cafh.es\/index.php\/2021\/12\/04\/vivir-conscientemente-hoy\/\"><img loading=\"lazy\" decoding=\"async\" width=\"500\" height=\"330\" src=\"https:\/\/cafh.es\/wp-content\/uploads\/2021\/12\/Invita-AE-Vivir-conscientemente1-500x330.jpg\" class=\"rt-img-responsive \" alt=\"\" \/><\/a><\/div><div class='rt-detail'><h2 class=\"entry-title\"><a data-id=\"1049\" class=\"\" href=\"https:\/\/cafh.es\/index.php\/2021\/12\/04\/vivir-conscientemente-hoy\/\">Vivir conscientemente hoy<\/a><\/h2><div class='post-meta-user  '><span class='categories-links'><i class='fas fa-folder-open '><\/i><a class=\"sin-categoria\" href=\"https:\/\/cafh.es\/index.php\/category\/sin-categoria\/\" rel=\"tag\">Todas<\/a><\/span><span class=\"comment-count\"><i class='fas fa-comments '><\/i><a href='https:\/\/cafh.es\/index.php\/2021\/12\/04\/vivir-conscientemente-hoy\/#respond'>(0) <\/a><\/span><\/div><div class='tpg-excerpt'>El d\u00eda 15 de diciembre,  a trav\u00e9s de Zoom (ID: 82657939600) iniciamos un ciclo de actividades con el lema \"Vivir conscientemente\". En las sesiones exploraremos en qu\u00e9 consiste tomar conciencia de la realidad y obrar en consecuencia...<\/div><\/div><\/div><\/div><div class=\"rt-col-md-6 rt-col-sm-6 rt-col-xs-12 masonry-grid-item rt-grid-item isotope-item iso_1 rt-item-sin-categoria\" data-id=\"1017\"><div class=\"rt-holder\"><div class=\"rt-img-holder\"><a data-id=\"1017\" class=\"\" href=\"https:\/\/cafh.es\/index.php\/2021\/11\/19\/celebramos-el-50o-aniversario-de-cafh-en-espana\/\"><img loading=\"lazy\" decoding=\"async\" width=\"500\" height=\"330\" src=\"https:\/\/cafh.es\/wp-content\/uploads\/2021\/08\/grafismo-50-an\u0303os-con-rotuloAZUL-copia-1-1-500x330.png\" class=\"rt-img-responsive \" alt=\"\" \/><\/a><\/div><div class='rt-detail'><h2 class=\"entry-title\"><a data-id=\"1017\" class=\"\" href=\"https:\/\/cafh.es\/index.php\/2021\/11\/19\/celebramos-el-50o-aniversario-de-cafh-en-espana\/\">Celebramos el 50\u00ba aniversario de Cafh en Espa\u00f1a<\/a><\/h2><div class='post-meta-user  '><span class='categories-links'><i class='fas fa-folder-open '><\/i><a class=\"sin-categoria\" href=\"https:\/\/cafh.es\/index.php\/category\/sin-categoria\/\" rel=\"tag\">Todas<\/a><\/span><span class=\"comment-count\"><i class='fas fa-comments '><\/i><a href='https:\/\/cafh.es\/index.php\/2021\/11\/19\/celebramos-el-50o-aniversario-de-cafh-en-espana\/#respond'>(0) <\/a><\/span><\/div><div class='tpg-excerpt'>El 11 de Septiembre de 1971 se fund\u00f3 Cafh en Espa\u00f1a.\n\n\n\n50 a\u00f1os despu\u00e9s estamos celebrando ese acontecimiento.\n\n\n\nCelebramos la siembra en ese momento de una nueva semilla de desenvolvimiento espiritual en el mundo...<\/div><\/div><\/div><\/div><div class=\"rt-col-md-6 rt-col-sm-6 rt-col-xs-12 masonry-grid-item rt-grid-item isotope-item iso_13 rt-item-cafh-espana iso_1 rt-item-sin-categoria\" data-id=\"1009\"><div class=\"rt-holder\"><div class=\"rt-img-holder\"><a data-id=\"1009\" class=\"\" href=\"https:\/\/cafh.es\/index.php\/2021\/11\/10\/celebracion-del-50o-aniversario-de-cafh-espana\/\"><img loading=\"lazy\" decoding=\"async\" width=\"500\" height=\"330\" src=\"https:\/\/cafh.es\/wp-content\/uploads\/2021\/11\/Foto-50-aniversario-500x330.jpg\" class=\"rt-img-responsive \" alt=\"\" \/><\/a><\/div><div class='rt-detail'><h2 class=\"entry-title\"><a data-id=\"1009\" class=\"\" href=\"https:\/\/cafh.es\/index.php\/2021\/11\/10\/celebracion-del-50o-aniversario-de-cafh-espana\/\">Fiesta del 50\u00ba aniversario de Cafh Espa\u00f1a<\/a><\/h2><div class='post-meta-user  '><span class='categories-links'><i class='fas fa-folder-open '><\/i><a class=\"cafh-espana\" href=\"https:\/\/cafh.es\/index.php\/category\/cafh-espana\/\" rel=\"tag\">Cafh Espa\u00f1a<\/a><span class=\"rt-separator\">,<\/span><a class=\"sin-categoria\" href=\"https:\/\/cafh.es\/index.php\/category\/sin-categoria\/\" rel=\"tag\">Todas<\/a><\/span><span class=\"comment-count\"><i class='fas fa-comments '><\/i><a href='https:\/\/cafh.es\/index.php\/2021\/11\/10\/celebracion-del-50o-aniversario-de-cafh-espana\/#respond'>(0) <\/a><\/span><\/div><div class='tpg-excerpt'>Aqu\u00ed puedes ver el v\u00eddeo completo (120 mn.) O un extracto de la celebraci\u00f3n. (29 mn.) Puedes acceder a los siguientes fragmentos m\u00e1s relevantes: Saludo de Ana Cristina Flor. (13 mn.) Saludo de Jos\u00e9 Luis Kutscherauer (7 mn.) Saludo de Jorge Waxemberg (7 mn.) Algunas experiencias personales e ideas acerca de los inicios de Cafh en Espa\u00f1a, su desarrollo y su futuro (23 mn.) Tambi\u00e9n puedes ver la mesa redonda sobre la \u00abM\u00edstica en el s. XXI\u00bb...<\/div><\/div><\/div><\/div><div class=\"rt-col-md-6 rt-col-sm-6 rt-col-xs-12 masonry-grid-item rt-grid-item isotope-item iso_1 rt-item-sin-categoria\" data-id=\"980\"><div class=\"rt-holder\"><div class=\"rt-img-holder\"><a data-id=\"980\" class=\"\" href=\"https:\/\/cafh.es\/index.php\/2021\/11\/10\/la-mistica-en-el-s-xxi-mesa-redonda\/\"><img loading=\"lazy\" decoding=\"async\" width=\"500\" height=\"330\" src=\"https:\/\/cafh.es\/wp-content\/uploads\/2021\/11\/Ponentes-mesa-redonda-1-500x330.jpg\" class=\"rt-img-responsive \" alt=\"\" \/><\/a><\/div><div class='rt-detail'><h2 class=\"entry-title\"><a data-id=\"980\" class=\"\" href=\"https:\/\/cafh.es\/index.php\/2021\/11\/10\/la-mistica-en-el-s-xxi-mesa-redonda\/\">La m\u00edstica en el s. XXI. Mesa redonda<\/a><\/h2><div class='post-meta-user  '><span class='categories-links'><i class='fas fa-folder-open '><\/i><a class=\"sin-categoria\" href=\"https:\/\/cafh.es\/index.php\/category\/sin-categoria\/\" rel=\"tag\">Todas<\/a><\/span><span class=\"comment-count\"><i class='fas fa-comments '><\/i><a href='https:\/\/cafh.es\/index.php\/2021\/11\/10\/la-mistica-en-el-s-xxi-mesa-redonda\/#respond'>(0) <\/a><\/span><\/div><div class='tpg-excerpt'>La mesa redonda sobre la m\u00edstica en el s. XXI tuvo lugar en Madrid el 10 de septiembre de 2021 con la participaci\u00f3n de Javier Ruiz Calder\u00f3n, \nFernando D\u00edez y Fernando Bernal...<\/div><\/div><\/div><\/div><div class=\"rt-col-md-6 rt-col-sm-6 rt-col-xs-12 masonry-grid-item rt-grid-item isotope-item iso_1 rt-item-sin-categoria\" data-id=\"973\"><div class=\"rt-holder\"><div class=\"rt-img-holder\"><a data-id=\"973\" class=\"\" href=\"https:\/\/cafh.es\/index.php\/2021\/09\/29\/aniversario-de-santiago-bovisio\/\"><img loading=\"lazy\" decoding=\"async\" width=\"500\" height=\"330\" src=\"https:\/\/cafh.es\/wp-content\/uploads\/2021\/09\/Aniver-nascim-Santiago-Bovisio_ES-500x330.png\" class=\"rt-img-responsive \" alt=\"\" \/><\/a><\/div><div class='rt-detail'><h2 class=\"entry-title\"><a data-id=\"973\" class=\"\" href=\"https:\/\/cafh.es\/index.php\/2021\/09\/29\/aniversario-de-santiago-bovisio\/\">Aniversario de Santiago Bovisio<\/a><\/h2><div class='post-meta-user  '><span class='categories-links'><i class='fas fa-folder-open '><\/i><a class=\"sin-categoria\" href=\"https:\/\/cafh.es\/index.php\/category\/sin-categoria\/\" rel=\"tag\">Todas<\/a><\/span><span class=\"comment-count\"><i class='fas fa-comments '><\/i><a href='https:\/\/cafh.es\/index.php\/2021\/09\/29\/aniversario-de-santiago-bovisio\/#respond'>(0) <\/a><\/span><\/div><div class='tpg-excerpt'>...<\/div><\/div><\/div><\/div><div class=\"rt-col-md-6 rt-col-sm-6 rt-col-xs-12 masonry-grid-item rt-grid-item isotope-item iso_12 rt-item-cafh-org iso_1 rt-item-sin-categoria\" data-id=\"933\"><div class=\"rt-holder\"><div class=\"rt-img-holder\"><a data-id=\"933\" class=\"\" href=\"https:\/\/cafh.es\/index.php\/2021\/04\/22\/84-anos-de-la-fundacion-de-cafh\/\"><img loading=\"lazy\" decoding=\"async\" width=\"500\" height=\"330\" src=\"https:\/\/cafh.es\/wp-content\/uploads\/2021\/04\/hands-1926414_1280-500x330.jpg\" class=\"rt-img-responsive \" alt=\"\" \/><\/a><\/div><div class='rt-detail'><h2 class=\"entry-title\"><a data-id=\"933\" class=\"\" href=\"https:\/\/cafh.es\/index.php\/2021\/04\/22\/84-anos-de-la-fundacion-de-cafh\/\">84 a\u00f1os de la fundaci\u00f3n de Cafh<\/a><\/h2><div class='post-meta-user  '><span class='categories-links'><i class='fas fa-folder-open '><\/i><a class=\"cafh-org\" href=\"https:\/\/cafh.es\/index.php\/category\/cafh-org\/\" rel=\"tag\">Cafh.org<\/a><span class=\"rt-separator\">,<\/span><a class=\"sin-categoria\" href=\"https:\/\/cafh.es\/index.php\/category\/sin-categoria\/\" rel=\"tag\">Todas<\/a><\/span><span class='post-tags-links'><i class='fa fa-tags '><\/i><a href=\"https:\/\/cafh.es\/index.php\/tag\/dgm-saludo\/\" rel=\"tag\">DGM Saludo<\/a><\/span><span class=\"comment-count\"><i class='fas fa-comments '><\/i><a href='https:\/\/cafh.es\/index.php\/2021\/04\/22\/84-anos-de-la-fundacion-de-cafh\/#comments'>(1) <\/a><\/span><\/div><div class='tpg-excerpt'>En un d\u00eda como hoy, 3 de marzo de hace 84 a\u00f1os, Santiago Bovisio ha fundado Cafh. Este joven inmigrante italiano lleg\u00f3 a Argentina cuando ten\u00eda 22 a\u00f1os. Diez a\u00f1os despu\u00e9s, hab\u00eda comenzado la aventura de crear una posibilidad, una nueva posibilidad para la humanidad, un camino para desenvolverse...<\/div><\/div><\/div><\/div><div class=\"rt-col-md-6 rt-col-sm-6 rt-col-xs-12 masonry-grid-item rt-grid-item isotope-item iso_1 rt-item-sin-categoria\" data-id=\"894\"><div class=\"rt-holder\"><div class=\"rt-img-holder\"><a data-id=\"894\" class=\"\" href=\"https:\/\/cafh.es\/index.php\/2021\/02\/03\/2020-un-ano-para-recordar\/\"><img loading=\"lazy\" decoding=\"async\" width=\"500\" height=\"330\" src=\"https:\/\/cafh.es\/wp-content\/uploads\/2021\/02\/pexels-elijah-odonnell-3979732-500x330.jpg\" class=\"rt-img-responsive \" alt=\"\" \/><\/a><\/div><div class='rt-detail'><h2 class=\"entry-title\"><a data-id=\"894\" class=\"\" href=\"https:\/\/cafh.es\/index.php\/2021\/02\/03\/2020-un-ano-para-recordar\/\">2020 un a\u00f1o para recordar<\/a><\/h2><div class='post-meta-user  '><span class='categories-links'><i class='fas fa-folder-open '><\/i><a class=\"sin-categoria\" href=\"https:\/\/cafh.es\/index.php\/category\/sin-categoria\/\" rel=\"tag\">Todas<\/a><\/span><span class=\"comment-count\"><i class='fas fa-comments '><\/i><a href='https:\/\/cafh.es\/index.php\/2021\/02\/03\/2020-un-ano-para-recordar\/#respond'>(0) <\/a><\/span><\/div><div class='tpg-excerpt'>Durante este a\u00f1o 2020 hemos vivido muchas cosas que nos han puesto a prueba...<\/div><\/div><\/div><\/div><div class=\"rt-col-md-6 rt-col-sm-6 rt-col-xs-12 masonry-grid-item rt-grid-item isotope-item iso_1 rt-item-sin-categoria\" data-id=\"888\"><div class=\"rt-holder\"><div class=\"rt-img-holder\"><a data-id=\"888\" class=\"\" href=\"https:\/\/cafh.es\/index.php\/2021\/02\/03\/saludo-de-fin-de-ano\/\"><img loading=\"lazy\" decoding=\"async\" width=\"500\" height=\"330\" src=\"https:\/\/cafh.es\/wp-content\/uploads\/2021\/02\/Fin-de-A\u00f1o-500x330.jpg\" class=\"rt-img-responsive \" alt=\"\" \/><\/a><\/div><div class='rt-detail'><h2 class=\"entry-title\"><a data-id=\"888\" class=\"\" href=\"https:\/\/cafh.es\/index.php\/2021\/02\/03\/saludo-de-fin-de-ano\/\">Saludo de Fin de A\u00f1o<\/a><\/h2><div class='post-meta-user  '><span class='categories-links'><i class='fas fa-folder-open '><\/i><a class=\"sin-categoria\" href=\"https:\/\/cafh.es\/index.php\/category\/sin-categoria\/\" rel=\"tag\">Todas<\/a><\/span><span class=\"comment-count\"><i class='fas fa-comments '><\/i><a href='https:\/\/cafh.es\/index.php\/2021\/02\/03\/saludo-de-fin-de-ano\/#respond'>(0) <\/a><\/span><\/div><div class='tpg-excerpt'>La Directora de Cafh nos env\u00eda un especial mensaje con ocasi\u00f3n del fin de a\u00f1o 2020...<\/div><\/div><\/div><\/div><div class=\"rt-col-md-6 rt-col-sm-6 rt-col-xs-12 masonry-grid-item rt-grid-item isotope-item iso_1 rt-item-sin-categoria\" data-id=\"869\"><div class=\"rt-holder\"><div class=\"rt-img-holder\"><a data-id=\"869\" class=\"\" href=\"https:\/\/cafh.es\/index.php\/2020\/11\/16\/aprendiendo-de-la-pandemia\/\"><img loading=\"lazy\" decoding=\"async\" width=\"500\" height=\"330\" src=\"https:\/\/cafh.es\/wp-content\/uploads\/2020\/11\/Aprendiendo-de-la-pandemia-500x330.jpg\" class=\"rt-img-responsive \" alt=\"\" \/><\/a><\/div><div class='rt-detail'><h2 class=\"entry-title\"><a data-id=\"869\" class=\"\" href=\"https:\/\/cafh.es\/index.php\/2020\/11\/16\/aprendiendo-de-la-pandemia\/\">Aprendiendo de la pandemia<\/a><\/h2><div class='post-meta-user  '><span class='categories-links'><i class='fas fa-folder-open '><\/i><a class=\"sin-categoria\" href=\"https:\/\/cafh.es\/index.php\/category\/sin-categoria\/\" rel=\"tag\">Todas<\/a><\/span><span class=\"comment-count\"><i class='fas fa-comments '><\/i><a href='https:\/\/cafh.es\/index.php\/2020\/11\/16\/aprendiendo-de-la-pandemia\/#respond'>(0) <\/a><\/span><\/div><div class='tpg-excerpt'>La Directora de Cafh nos interpela acerca de la pandemia y c\u00f3mo nos impacta a nivel individual y colectivo...<\/div><\/div><\/div><\/div><div class=\"rt-col-md-6 rt-col-sm-6 rt-col-xs-12 masonry-grid-item rt-grid-item isotope-item iso_34 rt-item-metodo iso_1 rt-item-sin-categoria\" data-id=\"815\"><div class=\"rt-holder\"><div class=\"rt-img-holder\"><a data-id=\"815\" class=\"\" href=\"https:\/\/cafh.es\/index.php\/2020\/06\/24\/mision-anual-2020-2-escuchar-con-el-corazon\/\"><img loading=\"lazy\" decoding=\"async\" width=\"500\" height=\"330\" src=\"https:\/\/cafh.es\/wp-content\/uploads\/2020\/06\/human-763156_1920-500x330.jpg\" class=\"rt-img-responsive \" alt=\"\" \/><\/a><\/div><div class='rt-detail'><h2 class=\"entry-title\"><a data-id=\"815\" class=\"\" href=\"https:\/\/cafh.es\/index.php\/2020\/06\/24\/mision-anual-2020-2-escuchar-con-el-corazon\/\">Misi\u00f3n Anual 2020 (2): escuchar con el coraz\u00f3n<\/a><\/h2><div class='post-meta-user  '><span class='categories-links'><i class='fas fa-folder-open '><\/i><a class=\"metodo\" href=\"https:\/\/cafh.es\/index.php\/category\/metodo\/\" rel=\"tag\">M\u00e9todo<\/a><span class=\"rt-separator\">,<\/span><a class=\"sin-categoria\" href=\"https:\/\/cafh.es\/index.php\/category\/sin-categoria\/\" rel=\"tag\">Todas<\/a><\/span><span class='post-tags-links'><i class='fa fa-tags '><\/i><a href=\"https:\/\/cafh.es\/index.php\/tag\/escucha-activa\/\" rel=\"tag\">Escucha Activa<\/a><span class=\"rt-separator\">,<\/span><a href=\"https:\/\/cafh.es\/index.php\/tag\/mision-anual\/\" rel=\"tag\">Misi\u00f3n Anual<\/a><\/span><span class=\"comment-count\"><i class='fas fa-comments '><\/i><a href='https:\/\/cafh.es\/index.php\/2020\/06\/24\/mision-anual-2020-2-escuchar-con-el-corazon\/#respond'>(0) <\/a><\/span><\/div><div class='tpg-excerpt'>La Misi\u00f3n Anual 2020 nos invita a hacer de la escucha activa una pr\u00e1ctica diaria y a escuchar con el coraz\u00f3n cada vez que se nos brinde una oportunidad. \nNo es simplemente un intercambio de informaci\u00f3n...<\/div><\/div><\/div><\/div><div class=\"rt-col-md-6 rt-col-sm-6 rt-col-xs-12 masonry-grid-item rt-grid-item isotope-item iso_37 rt-item-inspiraciones iso_34 rt-item-metodo\" data-id=\"771\"><div class=\"rt-holder\"><div class=\"rt-img-holder\"><a data-id=\"771\" class=\"\" href=\"https:\/\/cafh.es\/index.php\/2020\/06\/09\/aprender-a-escuchar\/\"><img loading=\"lazy\" decoding=\"async\" width=\"500\" height=\"330\" src=\"https:\/\/cafh.es\/wp-content\/uploads\/2020\/05\/green-grass-field-1743165-scaled-e1591697907909-500x330.jpg\" class=\"rt-img-responsive \" alt=\"\" \/><\/a><\/div><div class='rt-detail'><h2 class=\"entry-title\"><a data-id=\"771\" class=\"\" href=\"https:\/\/cafh.es\/index.php\/2020\/06\/09\/aprender-a-escuchar\/\">Aprender a escuchar<\/a><\/h2><div class='post-meta-user  '><span class='categories-links'><i class='fas fa-folder-open '><\/i><a class=\"inspiraciones\" href=\"https:\/\/cafh.es\/index.php\/category\/inspiraciones\/\" rel=\"tag\">Inspiraciones<\/a><span class=\"rt-separator\">,<\/span><a class=\"metodo\" href=\"https:\/\/cafh.es\/index.php\/category\/metodo\/\" rel=\"tag\">M\u00e9todo<\/a><\/span><span class='post-tags-links'><i class='fa fa-tags '><\/i><a href=\"https:\/\/cafh.es\/index.php\/tag\/escucha-activa\/\" rel=\"tag\">Escucha Activa<\/a><span class=\"rt-separator\">,<\/span><a href=\"https:\/\/cafh.es\/index.php\/tag\/mision-anual\/\" rel=\"tag\">Misi\u00f3n Anual<\/a><\/span><span class=\"comment-count\"><i class='fas fa-comments '><\/i><a href='https:\/\/cafh.es\/index.php\/2020\/06\/09\/aprender-a-escuchar\/#respond'>(0) <\/a><\/span><\/div><div class='tpg-excerpt'>Un disc\u00edpulo, antes de ser reconocido como tal por su maestro, fue enviado a la monta\u00f1a para aprender a escuchar la naturaleza. \nAl cabo de un tiempo, volvi\u00f3 para dar cuenta al maestro...<\/div><\/div><\/div><\/div><div class=\"rt-col-md-6 rt-col-sm-6 rt-col-xs-12 masonry-grid-item rt-grid-item isotope-item iso_34 rt-item-metodo\" data-id=\"702\"><div class=\"rt-holder\"><div class=\"rt-img-holder\"><a data-id=\"702\" class=\"\" href=\"https:\/\/cafh.es\/index.php\/2020\/05\/30\/mision-anual-2020-desarrollar-la-escucha-activa\/\"><img loading=\"lazy\" decoding=\"async\" width=\"500\" height=\"330\" src=\"https:\/\/cafh.es\/wp-content\/uploads\/2020\/05\/animal-animal-photography-barbaric-big-561870-500x330.jpg\" class=\"rt-img-responsive \" alt=\"\" \/><\/a><\/div><div class='rt-detail'><h2 class=\"entry-title\"><a data-id=\"702\" class=\"\" href=\"https:\/\/cafh.es\/index.php\/2020\/05\/30\/mision-anual-2020-desarrollar-la-escucha-activa\/\">Misi\u00f3n Anual 2020: Desarrollar la escucha activa.<\/a><\/h2><div class='post-meta-user  '><span class='categories-links'><i class='fas fa-folder-open '><\/i><a class=\"metodo\" href=\"https:\/\/cafh.es\/index.php\/category\/metodo\/\" rel=\"tag\">M\u00e9todo<\/a><\/span><span class='post-tags-links'><i class='fa fa-tags '><\/i><a href=\"https:\/\/cafh.es\/index.php\/tag\/mision-anual\/\" rel=\"tag\">Misi\u00f3n Anual<\/a><\/span><span class=\"comment-count\"><i class='fas fa-comments '><\/i><a href='https:\/\/cafh.es\/index.php\/2020\/05\/30\/mision-anual-2020-desarrollar-la-escucha-activa\/#respond'>(0) <\/a><\/span><\/div><div class='tpg-excerpt'>Compartir un objetivo com\u00fan con un grupo de personas, ya sean afines o desconocidas, es una experiencia muy estimulante y tiene un componente cautivador, porque nos hace...<\/div><\/div><\/div><\/div><div class=\"rt-col-md-6 rt-col-sm-6 rt-col-xs-12 masonry-grid-item rt-grid-item isotope-item iso_34 rt-item-metodo\" data-id=\"699\"><div class=\"rt-holder\"><div class=\"rt-img-holder\"><a data-id=\"699\" class=\"\" href=\"https:\/\/cafh.es\/index.php\/2020\/05\/30\/por-que-una-mision-anual\/\"><img loading=\"lazy\" decoding=\"async\" width=\"500\" height=\"330\" src=\"https:\/\/cafh.es\/wp-content\/uploads\/2020\/05\/ground-group-growth-hands-461049-500x330.jpg\" class=\"rt-img-responsive \" alt=\"\" \/><\/a><\/div><div class='rt-detail'><h2 class=\"entry-title\"><a data-id=\"699\" class=\"\" href=\"https:\/\/cafh.es\/index.php\/2020\/05\/30\/por-que-una-mision-anual\/\">\u00bfPor qu\u00e9 una Misi\u00f3n Anual?<\/a><\/h2><div class='post-meta-user  '><span class='categories-links'><i class='fas fa-folder-open '><\/i><a class=\"metodo\" href=\"https:\/\/cafh.es\/index.php\/category\/metodo\/\" rel=\"tag\">M\u00e9todo<\/a><\/span><span class='post-tags-links'><i class='fa fa-tags '><\/i><a href=\"https:\/\/cafh.es\/index.php\/tag\/mision-anual\/\" rel=\"tag\">Misi\u00f3n Anual<\/a><\/span><span class=\"comment-count\"><i class='fas fa-comments '><\/i><a href='https:\/\/cafh.es\/index.php\/2020\/05\/30\/por-que-una-mision-anual\/#respond'>(0) <\/a><\/span><\/div><div class='tpg-excerpt'>No es f\u00e1cil unirnos en una acci\u00f3n com\u00fan para el bien com\u00fan durante todo un a\u00f1o.\nM\u00e1s all\u00e1 de las diferencias...<\/div><\/div><\/div><\/div><div class=\"rt-col-md-6 rt-col-sm-6 rt-col-xs-12 masonry-grid-item rt-grid-item isotope-item iso_12 rt-item-cafh-org\" data-id=\"86\"><div class=\"rt-holder\"><div class=\"rt-img-holder\"><a data-id=\"86\" class=\"\" href=\"https:\/\/cafh.es\/index.php\/2020\/03\/28\/una-nueva-app-de-cafh\/\"><img loading=\"lazy\" decoding=\"async\" width=\"500\" height=\"330\" src=\"https:\/\/cafh.es\/wp-content\/uploads\/2020\/04\/Cafh-App-2-500x330.jpg\" class=\"rt-img-responsive \" alt=\"\" \/><\/a><\/div><div class='rt-detail'><h2 class=\"entry-title\"><a data-id=\"86\" class=\"\" href=\"https:\/\/cafh.es\/index.php\/2020\/03\/28\/una-nueva-app-de-cafh\/\">Una nueva App de Cafh<\/a><\/h2><div class='post-meta-user  '><span class='categories-links'><i class='fas fa-folder-open '><\/i><a class=\"cafh-org\" href=\"https:\/\/cafh.es\/index.php\/category\/cafh-org\/\" rel=\"tag\">Cafh.org<\/a><\/span><span class='post-tags-links'><i class='fa fa-tags '><\/i><a href=\"https:\/\/cafh.es\/index.php\/tag\/redes\/\" rel=\"tag\">Redes<\/a><\/span><span class=\"comment-count\"><i class='fas fa-comments '><\/i><a href='https:\/\/cafh.es\/index.php\/2020\/03\/28\/una-nueva-app-de-cafh\/#respond'>(0) <\/a><\/span><\/div><div class='tpg-excerpt'>Puedes acceder a ella en este enlace. En esta aplicaci\u00f3n puedes encontrar m\u00e1s informaci\u00f3n sobre Cafh, su m\u00e9todos, meditaciones, oraciones, notas de la Directora y el calendario de eventos...<\/div><\/div><\/div><\/div><div class=\"rt-col-md-6 rt-col-sm-6 rt-col-xs-12 masonry-grid-item rt-grid-item isotope-item iso_12 rt-item-cafh-org\" data-id=\"84\"><div class=\"rt-holder\"><div class=\"rt-img-holder\"><a data-id=\"84\" class=\"\" href=\"https:\/\/cafh.es\/index.php\/2020\/03\/28\/ana-cristina-flor-un-saludo-para-estos-tiempos\/\"><img loading=\"lazy\" decoding=\"async\" width=\"500\" height=\"330\" src=\"https:\/\/cafh.es\/wp-content\/uploads\/2020\/03\/gratisography-lonely-road-blue-sky-500x330.jpg\" class=\"rt-img-responsive \" alt=\"\" \/><\/a><\/div><div class='rt-detail'><h2 class=\"entry-title\"><a data-id=\"84\" class=\"\" href=\"https:\/\/cafh.es\/index.php\/2020\/03\/28\/ana-cristina-flor-un-saludo-para-estos-tiempos\/\">Ana Cristina Flor: un saludo para estos tiempos<\/a><\/h2><div class='post-meta-user  '><span class='categories-links'><i class='fas fa-folder-open '><\/i><a class=\"cafh-org\" href=\"https:\/\/cafh.es\/index.php\/category\/cafh-org\/\" rel=\"tag\">Cafh.org<\/a><\/span><span class='post-tags-links'><i class='fa fa-tags '><\/i><a href=\"https:\/\/cafh.es\/index.php\/tag\/dgm\/\" rel=\"tag\">DGM<\/a><span class=\"rt-separator\">,<\/span><a href=\"https:\/\/cafh.es\/index.php\/tag\/saludo\/\" rel=\"tag\">Saludo<\/a><\/span><span class=\"comment-count\"><i class='fas fa-comments '><\/i><a href='https:\/\/cafh.es\/index.php\/2020\/03\/28\/ana-cristina-flor-un-saludo-para-estos-tiempos\/#respond'>(0) <\/a><\/span><\/div><div class='tpg-excerpt'>La Directora de Cafh nos brinda un saludo para estos momentos tan especiales que estamos viviendo...<\/div><\/div><\/div><\/div><div class=\"rt-col-md-6 rt-col-sm-6 rt-col-xs-12 masonry-grid-item rt-grid-item isotope-item iso_13 rt-item-cafh-espana\" data-id=\"1\"><div class=\"rt-holder\"><div class=\"rt-img-holder\"><a data-id=\"1\" class=\"\" href=\"https:\/\/cafh.es\/index.php\/2020\/03\/19\/hola-mundo\/\"><img loading=\"lazy\" decoding=\"async\" width=\"500\" height=\"330\" src=\"https:\/\/cafh.es\/wp-content\/uploads\/2020\/04\/Captura-de-pantalla-2020-03-23-a-las-11.46.06-500x330.png\" class=\"rt-img-responsive \" alt=\"\" \/><\/a><\/div><div class='rt-detail'><h2 class=\"entry-title\"><a data-id=\"1\" class=\"\" href=\"https:\/\/cafh.es\/index.php\/2020\/03\/19\/hola-mundo\/\">\u00a1Bienvenido a la web de Cafh Espa\u00f1a!<\/a><\/h2><div class='post-meta-user  '><span class='categories-links'><i class='fas fa-folder-open '><\/i><a class=\"cafh-espana\" href=\"https:\/\/cafh.es\/index.php\/category\/cafh-espana\/\" rel=\"tag\">Cafh Espa\u00f1a<\/a><\/span><span class='post-tags-links'><i class='fa fa-tags '><\/i><a href=\"https:\/\/cafh.es\/index.php\/tag\/saludo\/\" rel=\"tag\">Saludo<\/a><\/span><span class=\"comment-count\"><i class='fas fa-comments '><\/i><a href='https:\/\/cafh.es\/index.php\/2020\/03\/19\/hola-mundo\/#respond'>(0) <\/a><\/span><\/div><div class='tpg-excerpt'>Puedes conocernos un poco m\u00e1s aqu\u00ed. An\u00edmate tambi\u00e9n a ver la web internacional: www.cafh.org Estaremos encantados de atenderte si quieres comunicar con nosotros. Utiliza este formulario de contacto...<\/div><\/div><\/div><\/div><\/div><div class=\"isotope-term-no-post\"><p>No se ha encontrado ninguna entrada<\/p><\/div><\/div><\/div>\n","protected":false},"excerpt":{"rendered":"","protected":false},"author":1,"featured_media":0,"parent":0,"menu_order":0,"comment_status":"closed","ping_status":"closed","template":"","meta":{"footnotes":""},"class_list":["post-11","page","type-page","status-publish","hentry"],"rttpg_featured_image_url":null,"rttpg_author":{"display_name":"Cafh Espa\u00f1a","author_link":"https:\/\/cafh.es\/index.php\/author\/admin4521\/"},"rttpg_comment":0,"rttpg_category":"","rttpg_excerpt":null,"_links":{"self":[{"href":"https:\/\/cafh.es\/index.php\/wp-json\/wp\/v2\/pages\/11","targetHints":{"allow":["GET"]}}],"collection":[{"href":"https:\/\/cafh.es\/index.php\/wp-json\/wp\/v2\/pages"}],"about":[{"href":"https:\/\/cafh.es\/index.php\/wp-json\/wp\/v2\/types\/page"}],"author":[{"embeddable":true,"href":"https:\/\/cafh.es\/index.php\/wp-json\/wp\/v2\/users\/1"}],"replies":[{"embeddable":true,"href":"https:\/\/cafh.es\/index.php\/wp-json\/wp\/v2\/comments?post=11"}],"version-history":[{"count":2,"href":"https:\/\/cafh.es\/index.php\/wp-json\/wp\/v2\/pages\/11\/revisions"}],"predecessor-version":[{"id":480,"href":"https:\/\/cafh.es\/index.php\/wp-json\/wp\/v2\/pages\/11\/revisions\/480"}],"wp:attachment":[{"href":"https:\/\/cafh.es\/index.php\/wp-json\/wp\/v2\/media?parent=11"}],"curies":[{"name":"wp","href":"https:\/\/api.w.org\/{rel}","templated":true}]}}